{"id":25309,"date":"2017-01-16T10:27:16","date_gmt":"2017-01-16T09:27:16","guid":{"rendered":"https:\/\/www.perzijskepreproge.si\/izdelek\/kilim-persan-avan-kilim-persan-avan\/"},"modified":"2026-04-13T13:15:14","modified_gmt":"2026-04-13T11:15:14","slug":"kilim-persan-avan-kilim-persan-avan","status":"publish","type":"product","link":"https:\/\/www.perzijskepreproge.si\/fr\/produit\/kilim-persan-avan-kilim-persan-avan\/","title":{"rendered":"Kilim persan Avan \/ Persian kilim Avan"},"content":{"rendered":"<p data-start=\"0\" data-end=\"381\">Bel exemple de <strong data-start=\"23\" data-end=\"55\">textile nomade d\u2019Iran<\/strong>, issu de groupes tribaux tels que les <strong data-start=\"157\" data-end=\"168\">Qashqai<\/strong>, les <strong data-start=\"170\" data-end=\"178\">Luri<\/strong> ou les <strong data-start=\"183\" data-end=\"196\">Bakhtiari<\/strong>. Ces textiles ont \u00e9t\u00e9 et restent une part importante du quotidien des nomades iraniens : ils servent de couvertures, de tapis de sol, de couvre-lits ou de sacs de portage. <\/p>\n<p data-start=\"383\" data-end=\"845\">Cette pi\u00e8ce pr\u00e9sente des <strong data-start=\"394\" data-end=\"425\">bandes dispos\u00e9es verticalement<\/strong>, caract\u00e9ristique du <strong data-start=\"446\" data-end=\"456\">djajim<\/strong> \u2014 un type de tapis tiss\u00e9 en bandes, souvent compos\u00e9 de plusieurs l\u00e9s ensuite cousus \u00e0 la main. Le motif est tr\u00e8s g\u00e9om\u00e9trique, avec des bandes alternant des registres de motifs o\u00f9 l\u2019on distingue clairement des losanges, des \u00e9toiles et de petits signes g\u00e9om\u00e9triques r\u00e9p\u00e9t\u00e9s. La bande centrale comporte des \u00e9l\u00e9ments ronds ou losang\u00e9s r\u00e9p\u00e9t\u00e9s en couleurs contrast\u00e9es, formant un axe central de sym\u00e9trie.  <\/p>\n<p data-start=\"847\" data-end=\"1103\">La palette est typique des tissages nomades : <strong data-start=\"895\" data-end=\"948\">bleu fonc\u00e9, indigo, rouge, orange, ocre et blanc<\/strong>. Les couleurs proviennent tr\u00e8s probablement de teintures naturelles, comme l\u2019indigo (pour le bleu), la racine de garance (<em data-start=\"1057\" data-end=\"1070\">madder root<\/em>) et les coques de noix pour les tons bruns. <\/p>\n<p data-start=\"1105\" data-end=\"1350\">Il s\u2019agit d\u2019un objet \u00e0 forte <strong data-start=\"1131\" data-end=\"1170\">valeur fonctionnelle et esth\u00e9tique<\/strong>, car les textiles nomades ont toujours alli\u00e9 utilit\u00e9 (isolation, portabilit\u00e9) et riche ornementation, exprimant <strong data-start=\"1285\" data-end=\"1349\">l\u2019identit\u00e9 tribale, le statut social et une symbolique protectrice<\/strong>.<\/p>\n<p data-start=\"1352\" data-end=\"1637\" data-is-last-node=\"\" data-is-only-node=\"\">Par sa structure et sa forme reconnaissable, cette pi\u00e8ce peut \u00eatre identifi\u00e9e comme un <strong data-start=\"1425\" data-end=\"1435\">djajim<\/strong> \u2014 un tissage plat particuli\u00e8rement appr\u00e9ci\u00e9 dans les r\u00e9gions de l\u2019ouest de l\u2019Iran. Le tissage de telles pi\u00e8ces exige une grande ma\u00eetrise et la connaissance de motifs traditionnels, souvent transmis de g\u00e9n\u00e9ration en g\u00e9n\u00e9ration. <\/p>\n","protected":false},"excerpt":{"rendered":"<p>N\u00b0 d\u2019enreg. : 842<\/p>\n<p>Dimensions \/ Size : 147 \u00d7 88 cm<\/p>\n<p>Mat\u00e9riau \/ Pile : laine \/ wool<\/p>\n<p>Cha\u00eene \/ Base : laine \/ wool<\/p>\n<p>Couleurs \/ Colours : v\u00e9g\u00e9tales \/ plants<\/p>\n<p>Design \/ Design : g\u00e9om\u00e9trique \/ geometrical<\/p>\n<p>Technique de tissage \/ Weaving technique : tapis tiss\u00e9 \u00e0 la main \/ handmade double flatweave (cushion)<\/p>\n<p>Origine \/ Origin : Iran<\/p>\n<p>&nbsp;<\/p>\n","protected":false},"featured_media":20281,"template":"","meta":{"iawp_total_views":1},"product_brand":[],"product_cat":[362,368],"product_tag":[],"class_list":{"0":"post-25309","1":"product","2":"type-product","3":"status-publish","4":"has-post-thumbnail","6":"product_cat-kilims-fr","7":"product_cat-petits-tapis","8":"pa_barva-osnovna-multicolore","9":"pa_material-laine","10":"pa_oblika-rectangulaire","11":"pa_tip-preproge-kilim","12":"pa_velikost-cca-150x100-fr","14":"first","15":"instock","16":"sold-individually","17":"taxable","18":"shipping-taxable","19":"purchasable","20":"product-type-simple"},"yoast_head":"<!-- This site is optimized with the Yoast SEO plugin v27.3 - https:\/\/yoast.com\/product\/yoast-seo-wordpress\/ -->\n<title>Kilim persan Avan \/ Persian kilim Avan - Perzijske preproge Farzad<\/title>\n<meta name=\"robots\" content=\"index, follow, max-snippet:-1, max-image-preview:large, max-video-preview:-1\" \/>\n<link rel=\"canonical\" href=\"https:\/\/www.perzijskepreproge.si\/fr\/produit\/kilim-persan-avan-kilim-persan-avan\/\" \/>\n<meta property=\"og:locale\" content=\"fr_FR\" \/>\n<meta property=\"og:type\" content=\"article\" \/>\n<meta property=\"og:title\" content=\"Kilim persan Avan \/ Persian kilim Avan - Perzijske preproge Farzad\" \/>\n<meta property=\"og:description\" content=\"N\u00b0 d\u2019enreg. : 842 Dimensions \/ Size : 147 \u00d7 88 cm Mat\u00e9riau \/ Pile : laine \/ wool Cha\u00eene \/ Base : laine \/ wool Couleurs \/ Colours : v\u00e9g\u00e9tales \/ plants Design \/ Design : g\u00e9om\u00e9trique \/ geometrical Technique de tissage \/ Weaving technique : tapis tiss\u00e9 \u00e0 la main \/ handmade double flatweave (cushion) Origine \/ Origin : Iran &nbsp;\" \/>\n<meta property=\"og:url\" content=\"https:\/\/www.perzijskepreproge.si\/fr\/produit\/kilim-persan-avan-kilim-persan-avan\/\" \/>\n<meta property=\"og:site_name\" content=\"Perzijske preproge Farzad\" \/>\n<meta property=\"article:modified_time\" content=\"2026-04-13T11:15:14+00:00\" \/>\n<meta property=\"og:image\" content=\"https:\/\/www.perzijskepreproge.si\/wp-content\/uploads\/2017\/01\/DSCF6584-e1661175915537.jpg\" \/>\n\t<meta property=\"og:image:width\" content=\"524\" \/>\n\t<meta property=\"og:image:height\" content=\"900\" \/>\n\t<meta property=\"og:image:type\" content=\"image\/jpeg\" \/>\n<meta name=\"twitter:card\" content=\"summary_large_image\" \/>\n<meta name=\"twitter:label1\" content=\"Dur\u00e9e de lecture estim\u00e9e\" \/>\n\t<meta name=\"twitter:data1\" content=\"1 minute\" \/>\n<script type=\"application\/ld+json\" class=\"yoast-schema-graph\">{\"@context\":\"https:\\\/\\\/schema.org\",\"@graph\":[{\"@type\":\"WebPage\",\"@id\":\"https:\\\/\\\/www.perzijskepreproge.si\\\/fr\\\/produit\\\/kilim-persan-avan-kilim-persan-avan\\\/\",\"url\":\"https:\\\/\\\/www.perzijskepreproge.si\\\/fr\\\/produit\\\/kilim-persan-avan-kilim-persan-avan\\\/\",\"name\":\"Kilim persan Avan \\\/ Persian kilim Avan - Perzijske preproge Farzad\",\"isPartOf\":{\"@id\":\"https:\\\/\\\/www.perzijskepreproge.si\\\/fr\\\/#website\"},\"primaryImageOfPage\":{\"@id\":\"https:\\\/\\\/www.perzijskepreproge.si\\\/fr\\\/produit\\\/kilim-persan-avan-kilim-persan-avan\\\/#primaryimage\"},\"image\":{\"@id\":\"https:\\\/\\\/www.perzijskepreproge.si\\\/fr\\\/produit\\\/kilim-persan-avan-kilim-persan-avan\\\/#primaryimage\"},\"thumbnailUrl\":\"https:\\\/\\\/www.perzijskepreproge.si\\\/wp-content\\\/uploads\\\/2017\\\/01\\\/DSCF6584-e1661175915537.jpg\",\"datePublished\":\"2017-01-16T09:27:16+00:00\",\"dateModified\":\"2026-04-13T11:15:14+00:00\",\"breadcrumb\":{\"@id\":\"https:\\\/\\\/www.perzijskepreproge.si\\\/fr\\\/produit\\\/kilim-persan-avan-kilim-persan-avan\\\/#breadcrumb\"},\"inLanguage\":\"fr-FR\",\"potentialAction\":[{\"@type\":\"ReadAction\",\"target\":[\"https:\\\/\\\/www.perzijskepreproge.si\\\/fr\\\/produit\\\/kilim-persan-avan-kilim-persan-avan\\\/\"]}]},{\"@type\":\"ImageObject\",\"inLanguage\":\"fr-FR\",\"@id\":\"https:\\\/\\\/www.perzijskepreproge.si\\\/fr\\\/produit\\\/kilim-persan-avan-kilim-persan-avan\\\/#primaryimage\",\"url\":\"https:\\\/\\\/www.perzijskepreproge.si\\\/wp-content\\\/uploads\\\/2017\\\/01\\\/DSCF6584-e1661175915537.jpg\",\"contentUrl\":\"https:\\\/\\\/www.perzijskepreproge.si\\\/wp-content\\\/uploads\\\/2017\\\/01\\\/DSCF6584-e1661175915537.jpg\",\"width\":524,\"height\":900,\"caption\":\"kilim (coussin)\"},{\"@type\":\"BreadcrumbList\",\"@id\":\"https:\\\/\\\/www.perzijskepreproge.si\\\/fr\\\/produit\\\/kilim-persan-avan-kilim-persan-avan\\\/#breadcrumb\",\"itemListElement\":[{\"@type\":\"ListItem\",\"position\":1,\"name\":\"Maison\",\"item\":\"https:\\\/\\\/www.perzijskepreproge.si\\\/fr\\\/tapis-persans-farzad\\\/\"},{\"@type\":\"ListItem\",\"position\":2,\"name\":\"Boutique\",\"item\":\"https:\\\/\\\/www.perzijskepreproge.si\\\/fr\\\/boutique\\\/\"},{\"@type\":\"ListItem\",\"position\":3,\"name\":\"Kilim persan Avan \\\/ Persian kilim Avan\"}]},{\"@type\":\"WebSite\",\"@id\":\"https:\\\/\\\/www.perzijskepreproge.si\\\/fr\\\/#website\",\"url\":\"https:\\\/\\\/www.perzijskepreproge.si\\\/fr\\\/\",\"name\":\"Perzijske preproge Farzad\",\"description\":\"Perzijske preproge,  preprog in \u010di\u0161\u010denje preprog\",\"potentialAction\":[{\"@type\":\"SearchAction\",\"target\":{\"@type\":\"EntryPoint\",\"urlTemplate\":\"https:\\\/\\\/www.perzijskepreproge.si\\\/fr\\\/?s={search_term_string}\"},\"query-input\":{\"@type\":\"PropertyValueSpecification\",\"valueRequired\":true,\"valueName\":\"search_term_string\"}}],\"inLanguage\":\"fr-FR\"}]}<\/script>\n<!-- \/ Yoast SEO plugin. -->","yoast_head_json":{"title":"Kilim persan Avan \/ Persian kilim Avan - Perzijske preproge Farzad","robots":{"index":"index","follow":"follow","max-snippet":"max-snippet:-1","max-image-preview":"max-image-preview:large","max-video-preview":"max-video-preview:-1"},"canonical":"https:\/\/www.perzijskepreproge.si\/fr\/produit\/kilim-persan-avan-kilim-persan-avan\/","og_locale":"fr_FR","og_type":"article","og_title":"Kilim persan Avan \/ Persian kilim Avan - Perzijske preproge Farzad","og_description":"N\u00b0 d\u2019enreg. : 842 Dimensions \/ Size : 147 \u00d7 88 cm Mat\u00e9riau \/ Pile : laine \/ wool Cha\u00eene \/ Base : laine \/ wool Couleurs \/ Colours : v\u00e9g\u00e9tales \/ plants Design \/ Design : g\u00e9om\u00e9trique \/ geometrical Technique de tissage \/ Weaving technique : tapis tiss\u00e9 \u00e0 la main \/ handmade double flatweave (cushion) Origine \/ Origin : Iran &nbsp;","og_url":"https:\/\/www.perzijskepreproge.si\/fr\/produit\/kilim-persan-avan-kilim-persan-avan\/","og_site_name":"Perzijske preproge Farzad","article_modified_time":"2026-04-13T11:15:14+00:00","og_image":[{"width":524,"height":900,"url":"https:\/\/www.perzijskepreproge.si\/wp-content\/uploads\/2017\/01\/DSCF6584-e1661175915537.jpg","type":"image\/jpeg"}],"twitter_card":"summary_large_image","twitter_misc":{"Dur\u00e9e de lecture estim\u00e9e":"1 minute"},"schema":{"@context":"https:\/\/schema.org","@graph":[{"@type":"WebPage","@id":"https:\/\/www.perzijskepreproge.si\/fr\/produit\/kilim-persan-avan-kilim-persan-avan\/","url":"https:\/\/www.perzijskepreproge.si\/fr\/produit\/kilim-persan-avan-kilim-persan-avan\/","name":"Kilim persan Avan \/ Persian kilim Avan - Perzijske preproge Farzad","isPartOf":{"@id":"https:\/\/www.perzijskepreproge.si\/fr\/#website"},"primaryImageOfPage":{"@id":"https:\/\/www.perzijskepreproge.si\/fr\/produit\/kilim-persan-avan-kilim-persan-avan\/#primaryimage"},"image":{"@id":"https:\/\/www.perzijskepreproge.si\/fr\/produit\/kilim-persan-avan-kilim-persan-avan\/#primaryimage"},"thumbnailUrl":"https:\/\/www.perzijskepreproge.si\/wp-content\/uploads\/2017\/01\/DSCF6584-e1661175915537.jpg","datePublished":"2017-01-16T09:27:16+00:00","dateModified":"2026-04-13T11:15:14+00:00","breadcrumb":{"@id":"https:\/\/www.perzijskepreproge.si\/fr\/produit\/kilim-persan-avan-kilim-persan-avan\/#breadcrumb"},"inLanguage":"fr-FR","potentialAction":[{"@type":"ReadAction","target":["https:\/\/www.perzijskepreproge.si\/fr\/produit\/kilim-persan-avan-kilim-persan-avan\/"]}]},{"@type":"ImageObject","inLanguage":"fr-FR","@id":"https:\/\/www.perzijskepreproge.si\/fr\/produit\/kilim-persan-avan-kilim-persan-avan\/#primaryimage","url":"https:\/\/www.perzijskepreproge.si\/wp-content\/uploads\/2017\/01\/DSCF6584-e1661175915537.jpg","contentUrl":"https:\/\/www.perzijskepreproge.si\/wp-content\/uploads\/2017\/01\/DSCF6584-e1661175915537.jpg","width":524,"height":900,"caption":"kilim (coussin)"},{"@type":"BreadcrumbList","@id":"https:\/\/www.perzijskepreproge.si\/fr\/produit\/kilim-persan-avan-kilim-persan-avan\/#breadcrumb","itemListElement":[{"@type":"ListItem","position":1,"name":"Maison","item":"https:\/\/www.perzijskepreproge.si\/fr\/tapis-persans-farzad\/"},{"@type":"ListItem","position":2,"name":"Boutique","item":"https:\/\/www.perzijskepreproge.si\/fr\/boutique\/"},{"@type":"ListItem","position":3,"name":"Kilim persan Avan \/ Persian kilim Avan"}]},{"@type":"WebSite","@id":"https:\/\/www.perzijskepreproge.si\/fr\/#website","url":"https:\/\/www.perzijskepreproge.si\/fr\/","name":"Perzijske preproge Farzad","description":"Perzijske preproge,  preprog in \u010di\u0161\u010denje preprog","potentialAction":[{"@type":"SearchAction","target":{"@type":"EntryPoint","urlTemplate":"https:\/\/www.perzijskepreproge.si\/fr\/?s={search_term_string}"},"query-input":{"@type":"PropertyValueSpecification","valueRequired":true,"valueName":"search_term_string"}}],"inLanguage":"fr-FR"}]}},"_links":{"self":[{"href":"https:\/\/www.perzijskepreproge.si\/fr\/wp-json\/wp\/v2\/product\/25309","targetHints":{"allow":["GET"]}}],"collection":[{"href":"https:\/\/www.perzijskepreproge.si\/fr\/wp-json\/wp\/v2\/product"}],"about":[{"href":"https:\/\/www.perzijskepreproge.si\/fr\/wp-json\/wp\/v2\/types\/product"}],"version-history":[{"count":1,"href":"https:\/\/www.perzijskepreproge.si\/fr\/wp-json\/wp\/v2\/product\/25309\/revisions"}],"predecessor-version":[{"id":29436,"href":"https:\/\/www.perzijskepreproge.si\/fr\/wp-json\/wp\/v2\/product\/25309\/revisions\/29436"}],"wp:featuredmedia":[{"embeddable":true,"href":"https:\/\/www.perzijskepreproge.si\/fr\/wp-json\/wp\/v2\/media\/20281"}],"wp:attachment":[{"href":"https:\/\/www.perzijskepreproge.si\/fr\/wp-json\/wp\/v2\/media?parent=25309"}],"wp:term":[{"taxonomy":"product_brand","embeddable":true,"href":"https:\/\/www.perzijskepreproge.si\/fr\/wp-json\/wp\/v2\/product_brand?post=25309"},{"taxonomy":"product_cat","embeddable":true,"href":"https:\/\/www.perzijskepreproge.si\/fr\/wp-json\/wp\/v2\/product_cat?post=25309"},{"taxonomy":"product_tag","embeddable":true,"href":"https:\/\/www.perzijskepreproge.si\/fr\/wp-json\/wp\/v2\/product_tag?post=25309"}],"curies":[{"name":"wp","href":"https:\/\/api.w.org\/{rel}","templated":true}]}}